{"id":121,"date":"2025-03-18T09:27:09","date_gmt":"2025-03-18T09:27:09","guid":{"rendered":"https:\/\/well-intel.com\/digitalise-ta-pme\/?page_id=121"},"modified":"2025-11-24T15:40:55","modified_gmt":"2025-11-24T15:40:55","slug":"equipe-partenaires","status":"publish","type":"page","link":"https:\/\/staging-p.digitalisetapme.fr\/index.php\/equipe-partenaires\/","title":{"rendered":"Equipe &#038; partenaires"},"content":{"rendered":"<p>[et_pb_section fb_built=\u00a0\u00bb1&Prime; admin_label=\u00a0\u00bbServices\u00a0\u00bb _builder_version=\u00a0\u00bb4.27.4&Prime; _module_preset=\u00a0\u00bbdefault\u00a0\u00bb background_image=\u00a0\u00bbhttps:\/\/staging-p.digitalisetapme.fr\/wp-content\/uploads\/2025\/11\/Publication-Instagram-\ud83d\ude80-Lancement-de-lecole-scaled.png\u00a0\u00bb custom_margin=\u00a0\u00bb-28px|||||\u00a0\u00bb custom_padding=\u00a0\u00bb||6px|||\u00a0\u00bb global_colors_info=\u00a0\u00bb{}\u00a0\u00bb][et_pb_row _builder_version=\u00a0\u00bb4.27.4&Prime; _module_preset=\u00a0\u00bbdefault\u00a0\u00bb global_colors_info=\u00a0\u00bb{}\u00a0\u00bb][et_pb_column type=\u00a0\u00bb4_4&Prime; _builder_version=\u00a0\u00bb4.27.4&Prime; _module_preset=\u00a0\u00bbdefault\u00a0\u00bb global_colors_info=\u00a0\u00bb{}\u00a0\u00bb][et_pb_heading title=\u00a0\u00bbHistorique de la cr\u00e9ation de l&rsquo;\u00e9cole\u00a0\u00bb _builder_version=\u00a0\u00bb4.27.4&Prime; _module_preset=\u00a0\u00bbdefault\u00a0\u00bb title_font=\u00a0\u00bbPoppins||||||||\u00a0\u00bb title_text_align=\u00a0\u00bbcenter\u00a0\u00bb title_text_color=\u00a0\u00bb#FFFFFF\u00a0\u00bb title_font_size=\u00a0\u00bb72px\u00a0\u00bb title_text_shadow_style=\u00a0\u00bbpreset1&Prime; global_colors_info=\u00a0\u00bb{}\u00a0\u00bb][\/et_pb_heading][\/et_pb_column][\/et_pb_row][et_pb_row _builder_version=\u00a0\u00bb4.27.4&Prime; _module_preset=\u00a0\u00bbdefault\u00a0\u00bb global_colors_info=\u00a0\u00bb{}\u00a0\u00bb][et_pb_column type=\u00a0\u00bb4_4&Prime; _builder_version=\u00a0\u00bb4.27.4&Prime; _module_preset=\u00a0\u00bbdefault\u00a0\u00bb global_colors_info=\u00a0\u00bb{}\u00a0\u00bb][et_pb_video src=\u00a0\u00bbhttps:\/\/staging-p.digitalisetapme.fr\/wp-content\/uploads\/2025\/03\/Video-de-Rapport-de-projet-Start-up-avec-Illustrations-en-2D-en-Vert-2.mp4&Prime; _builder_version=\u00a0\u00bb4.27.4&Prime; _module_preset=\u00a0\u00bbdefault\u00a0\u00bb border_radii=\u00a0\u00bbon|30px|30px|30px|30px\u00a0\u00bb border_width_all=\u00a0\u00bb25px\u00a0\u00bb border_color_all=\u00a0\u00bb#000000&Prime; global_colors_info=\u00a0\u00bb{}\u00a0\u00bb][\/et_pb_video][\/et_pb_column][\/et_pb_row][et_pb_row _builder_version=\u00a0\u00bb4.27.4&Prime; _module_preset=\u00a0\u00bbdefault\u00a0\u00bb global_colors_info=\u00a0\u00bb{}\u00a0\u00bb][et_pb_column type=\u00a0\u00bb4_4&Prime; _builder_version=\u00a0\u00bb4.27.4&Prime; _module_preset=\u00a0\u00bbdefault\u00a0\u00bb global_colors_info=\u00a0\u00bb{}\u00a0\u00bb][et_pb_divider color=\u00a0\u00bb#3b0862&Prime; divider_weight=\u00a0\u00bb1px\u00a0\u00bb _builder_version=\u00a0\u00bb4.27.4&Prime; _module_preset=\u00a0\u00bbdefault\u00a0\u00bb module_alignment=\u00a0\u00bbcenter\u00a0\u00bb global_colors_info=\u00a0\u00bb{}\u00a0\u00bb][\/et_pb_divider][\/et_pb_column][\/et_pb_row][et_pb_row _builder_version=\u00a0\u00bb4.27.4&Prime; _module_preset=\u00a0\u00bbdefault\u00a0\u00bb global_colors_info=\u00a0\u00bb{}\u00a0\u00bb][et_pb_column type=\u00a0\u00bb4_4&Prime; _builder_version=\u00a0\u00bb4.27.4&Prime; _module_preset=\u00a0\u00bbdefault\u00a0\u00bb global_colors_info=\u00a0\u00bb{}\u00a0\u00bb][et_pb_heading title=\u00a0\u00bb\u00c0 propos de Raphaela Capelle\u00a0\u00bb _builder_version=\u00a0\u00bb4.27.4&Prime; _module_preset=\u00a0\u00bbdefault\u00a0\u00bb title_font=\u00a0\u00bbPoppins||||||||\u00a0\u00bb title_text_align=\u00a0\u00bbcenter\u00a0\u00bb title_text_color=\u00a0\u00bb#3b0862&Prime; title_font_size=\u00a0\u00bb50px\u00a0\u00bb custom_margin=\u00a0\u00bb-27px|||||\u00a0\u00bb custom_padding=\u00a0\u00bb|||31px||\u00a0\u00bb title_text_shadow_style=\u00a0\u00bbpreset1&Prime; global_colors_info=\u00a0\u00bb{}\u00a0\u00bb][\/et_pb_heading][\/et_pb_column][\/et_pb_row][et_pb_row column_structure=\u00a0\u00bb2_5,3_5&Prime; _builder_version=\u00a0\u00bb4.27.4&Prime; _module_preset=\u00a0\u00bbdefault\u00a0\u00bb global_colors_info=\u00a0\u00bb{}\u00a0\u00bb][et_pb_column type=\u00a0\u00bb2_5&Prime; _builder_version=\u00a0\u00bb4.27.4&Prime; _module_preset=\u00a0\u00bbdefault\u00a0\u00bb global_colors_info=\u00a0\u00bb{}\u00a0\u00bb][et_pb_image src=\u00a0\u00bbhttps:\/\/staging-p.digitalisetapme.fr\/wp-content\/uploads\/2025\/03\/White-Minimalist-Paper-Card-Mockup-Instagram-Post.png\u00a0\u00bb title_text=\u00a0\u00bbWhite Minimalist Paper Card Mockup Instagram Post\u00a0\u00bb force_fullwidth=\u00a0\u00bbon\u00a0\u00bb _builder_version=\u00a0\u00bb4.27.4&Prime; _module_preset=\u00a0\u00bbdefault\u00a0\u00bb custom_padding=\u00a0\u00bb51px||6px|||\u00a0\u00bb global_colors_info=\u00a0\u00bb{}\u00a0\u00bb][\/et_pb_image][\/et_pb_column][et_pb_column type=\u00a0\u00bb3_5&Prime; _builder_version=\u00a0\u00bb4.27.4&Prime; _module_preset=\u00a0\u00bbdefault\u00a0\u00bb global_colors_info=\u00a0\u00bb{}\u00a0\u00bb][et_pb_text _builder_version=\u00a0\u00bb4.27.4&Prime; _module_preset=\u00a0\u00bbdefault\u00a0\u00bb text_font=\u00a0\u00bbIBM Plex Sans||||||||\u00a0\u00bb text_text_color=\u00a0\u00bb#FFFFFF\u00a0\u00bb header_font=\u00a0\u00bbIBM Plex Sans||||||||\u00a0\u00bb header_text_color=\u00a0\u00bb#FFFFFF\u00a0\u00bb global_colors_info=\u00a0\u00bb{}\u00a0\u00bb]<\/p>\n<p data-start=\"246\" data-end=\"763\">Passionn\u00e9e par l\u2019univers du sport, de la performance et du digital, j\u2019ai consacr\u00e9 ma carri\u00e8re \u00e0 accompagner les organisations dans leur d\u00e9veloppement et leur transformation. Apr\u00e8s des ann\u00e9es en conseil et au sein de directions de clubs sportifs, j\u2019ai poursuivi un Master en Management et Gestion de Projet, puis un Executive MBA en Conseil, Strat\u00e9gie et Transformation Digitale. Ces parcours m\u2019ont permis d\u2019acqu\u00e9rir une vision strat\u00e9gique solide et une ma\u00eetrise avanc\u00e9e des enjeux de transformation organisationnelle.<\/p>\n<p data-start=\"765\" data-end=\"1022\">Forte de ces exp\u00e9riences, j\u2019ai cofond\u00e9 plusieurs cabinets de conseil \u2014 notamment <em data-start=\"846\" data-end=\"869\">Wellness Intelligence<\/em> et <em data-start=\"873\" data-end=\"885\">Well Intel<\/em> \u2014 avant de lancer <em data-start=\"904\" data-end=\"923\">Digitalise ta PME<\/em>, une structure d\u00e9di\u00e9e \u00e0 l\u2019accompagnement des entrepreneurs dans la modernisation de leur activit\u00e9.<\/p>\n<p data-start=\"1024\" data-end=\"1233\">Aujourd\u2019hui, je franchis une nouvelle \u00e9tape : <strong data-start=\"1070\" data-end=\"1098\">la cr\u00e9ation de mon \u00e9cole<\/strong>, un \u00e9tablissement pens\u00e9 pour former la nouvelle g\u00e9n\u00e9ration de talents capables de conjuguer strat\u00e9gie, digitalisation et innovation.<\/p>\n<p data-start=\"1024\" data-end=\"1233\"><strong data-start=\"1238\" data-end=\"1255\">Notre mission<\/strong> : transmettre les comp\u00e9tences essentielles pour \u00e9voluer dans un environnement en constante mutation et pr\u00e9parer des professionnels capables de piloter, transformer et d\u00e9velopper des organisations modernes.<\/p>\n<p data-start=\"1463\" data-end=\"1719\"><strong data-start=\"1466\" data-end=\"1486\">Notre engagement<\/strong> : offrir des parcours pratiques, op\u00e9rationnels et align\u00e9s avec les besoins r\u00e9els du march\u00e9 afin de permettre \u00e0 chaque apprenant \u2014 \u00e9tudiant, salari\u00e9, entrepreneur ou dirigeant \u2014 de d\u00e9velopper son potentiel et d\u2019acc\u00e9l\u00e9rer sa carri\u00e8re.<\/p>\n<p data-start=\"1721\" data-end=\"1844\">\ud83d\udca1 <strong data-start=\"1724\" data-end=\"1737\">Ma vision<\/strong> : rendre l\u2019\u00e9ducation professionnelle plus accessible, plus concr\u00e8te et r\u00e9solument tourn\u00e9e vers l\u2019avenir.<\/p>\n<p data-start=\"1846\" data-end=\"1986\">\u00c0 travers cette \u00e9cole, mon ambition est simple : <strong data-start=\"1895\" data-end=\"1986\">former des experts capables de transformer le monde professionnel, un projet \u00e0 la fois.<\/strong><\/p>\n<p>[\/et_pb_text][\/et_pb_column][\/et_pb_row][\/et_pb_section][et_pb_section fb_built=\u00a0\u00bb1&Prime; _builder_version=\u00a0\u00bb4.27.4&Prime; _module_preset=\u00a0\u00bbdefault\u00a0\u00bb background_color=\u00a0\u00bbrgba(234,208,234,0.39)\u00a0\u00bb custom_padding=\u00a0\u00bb2px||29px||false|false\u00a0\u00bb global_colors_info=\u00a0\u00bb{}\u00a0\u00bb][et_pb_row _builder_version=\u00a0\u00bb4.27.4&Prime; _module_preset=\u00a0\u00bbdefault\u00a0\u00bb custom_padding=\u00a0\u00bb54px||23px|||\u00a0\u00bb global_colors_info=\u00a0\u00bb{}\u00a0\u00bb][et_pb_column type=\u00a0\u00bb4_4&Prime; _builder_version=\u00a0\u00bb4.27.4&Prime; _module_preset=\u00a0\u00bbdefault\u00a0\u00bb global_colors_info=\u00a0\u00bb{}\u00a0\u00bb][et_pb_divider _builder_version=\u00a0\u00bb4.27.4&Prime; _module_preset=\u00a0\u00bbdefault\u00a0\u00bb global_colors_info=\u00a0\u00bb{}\u00a0\u00bb][\/et_pb_divider][et_pb_heading title=\u00a0\u00bbNotre \u00e9quipe \u00a0\u00bb _builder_version=\u00a0\u00bb4.27.4&Prime; _module_preset=\u00a0\u00bbdefault\u00a0\u00bb title_font=\u00a0\u00bbIBM Plex Sans||||||||\u00a0\u00bb title_text_align=\u00a0\u00bbcenter\u00a0\u00bb title_text_color=\u00a0\u00bb#3b0862&Prime; title_font_size=\u00a0\u00bb50px\u00a0\u00bb title_text_shadow_style=\u00a0\u00bbpreset1&Prime; global_colors_info=\u00a0\u00bb{}\u00a0\u00bb][\/et_pb_heading][\/et_pb_column][\/et_pb_row][et_pb_row column_structure=\u00a0\u00bb1_3,1_3,1_3&Prime; _builder_version=\u00a0\u00bb4.27.4&Prime; _module_preset=\u00a0\u00bbdefault\u00a0\u00bb global_colors_info=\u00a0\u00bb{}\u00a0\u00bb][et_pb_column type=\u00a0\u00bb1_3&Prime; _builder_version=\u00a0\u00bb4.27.4&Prime; _module_preset=\u00a0\u00bbdefault\u00a0\u00bb global_colors_info=\u00a0\u00bb{}\u00a0\u00bb][et_pb_team_member name=\u00a0\u00bbRapha\u00ebla CAPELLE (G\u00e9rante)\u00a0\u00bb position=\u00a0\u00bbIntervenante en Strat\u00e9gie financi\u00e8re, Strat\u00e9gie digitale et Strat\u00e9gie manag\u00e9riale\u00a0\u00bb _builder_version=\u00a0\u00bb4.27.4&Prime; _module_preset=\u00a0\u00bbdefault\u00a0\u00bb header_font=\u00a0\u00bb|600|||||||\u00a0\u00bb text_orientation=\u00a0\u00bbcenter\u00a0\u00bb border_radii_image=\u00a0\u00bbon|400px|400px|400px|400px\u00a0\u00bb border_width_all_image=\u00a0\u00bb10px\u00a0\u00bb border_color_all_image=\u00a0\u00bb#1FD7E0&Prime; box_shadow_style_image=\u00a0\u00bbpreset2&Prime; global_colors_info=\u00a0\u00bb{}\u00a0\u00bb][\/et_pb_team_member][et_pb_team_member name=\u00a0\u00bbMagdalena Lucas\u00a0\u00bb position=\u00a0\u00bbIntervenante en Strat\u00e9gie de D\u00e9veloppement et Strat\u00e9gie commerciale\u00a0\u00bb _builder_version=\u00a0\u00bb4.27.4&Prime; _module_preset=\u00a0\u00bbdefault\u00a0\u00bb header_font=\u00a0\u00bb|600|||||||\u00a0\u00bb text_orientation=\u00a0\u00bbcenter\u00a0\u00bb border_radii_image=\u00a0\u00bbon|400px|400px|400px|400px\u00a0\u00bb border_width_all_image=\u00a0\u00bb10px\u00a0\u00bb border_color_all_image=\u00a0\u00bb#E06100&Prime; box_shadow_style_image=\u00a0\u00bbpreset2&Prime; global_colors_info=\u00a0\u00bb{}\u00a0\u00bb][\/et_pb_team_member][et_pb_team_member name=\u00a0\u00bbFadhela BEN BELKACEM\u00a0\u00bb position=\u00a0\u00bbIntervenante en accompagnement manag\u00e9rial et en Strat\u00e9gie RH\u00a0\u00bb _builder_version=\u00a0\u00bb4.27.4&Prime; _module_preset=\u00a0\u00bbdefault\u00a0\u00bb header_font=\u00a0\u00bb|600|||||||\u00a0\u00bb text_orientation=\u00a0\u00bbcenter\u00a0\u00bb border_radii_image=\u00a0\u00bbon|400px|400px|400px|400px\u00a0\u00bb border_width_all_image=\u00a0\u00bb10px\u00a0\u00bb border_color_all_image=\u00a0\u00bb#1FD7E0&Prime; box_shadow_style_image=\u00a0\u00bbpreset2&Prime; global_colors_info=\u00a0\u00bb{}\u00a0\u00bb][\/et_pb_team_member][\/et_pb_column][et_pb_column type=\u00a0\u00bb1_3&Prime; _builder_version=\u00a0\u00bb4.27.4&Prime; _module_preset=\u00a0\u00bbdefault\u00a0\u00bb global_colors_info=\u00a0\u00bb{}\u00a0\u00bb][et_pb_team_member name=\u00a0\u00bbAnna DAVID (Co-g\u00e9rante)\u00a0\u00bb position=\u00a0\u00bbIntervenante en Strat\u00e9gie digitale et Communication\u00a0\u00bb _builder_version=\u00a0\u00bb4.27.4&Prime; _module_preset=\u00a0\u00bbdefault\u00a0\u00bb header_font=\u00a0\u00bb|600|||||||\u00a0\u00bb text_orientation=\u00a0\u00bbcenter\u00a0\u00bb border_radii_image=\u00a0\u00bbon|400px|400px|400px|400px\u00a0\u00bb border_width_all_image=\u00a0\u00bb10px\u00a0\u00bb border_color_all_image=\u00a0\u00bb#7CDA24&Prime; box_shadow_style_image=\u00a0\u00bbpreset2&Prime; global_colors_info=\u00a0\u00bb{}\u00a0\u00bb][\/et_pb_team_member][et_pb_team_member name=\u00a0\u00bbNathalie Louis\u00a0\u00bb position=\u00a0\u00bbIntervenante en innovation, Strat\u00e9gie d\u2019entreprise et Accompagnement digital\u00a0\u00bb _builder_version=\u00a0\u00bb4.27.4&Prime; _module_preset=\u00a0\u00bbdefault\u00a0\u00bb header_font=\u00a0\u00bb|600|||||||\u00a0\u00bb text_orientation=\u00a0\u00bbcenter\u00a0\u00bb border_radii_image=\u00a0\u00bbon|400px|400px|400px|400px\u00a0\u00bb border_width_all_image=\u00a0\u00bb10px\u00a0\u00bb border_color_all_image=\u00a0\u00bb#8300E9&Prime; box_shadow_style_image=\u00a0\u00bbpreset2&Prime; global_colors_info=\u00a0\u00bb{}\u00a0\u00bb][\/et_pb_team_member][et_pb_team_member name=\u00a0\u00bbManel BRAHAMI\u00a0\u00bb position=\u00a0\u00bbIntervenante en  innovation, strat\u00e9gie d\u2019entreprise et accompagnement digital\u00a0\u00bb _builder_version=\u00a0\u00bb4.27.4&Prime; _module_preset=\u00a0\u00bbdefault\u00a0\u00bb header_font=\u00a0\u00bb|600|||||||\u00a0\u00bb text_orientation=\u00a0\u00bbcenter\u00a0\u00bb border_radii_image=\u00a0\u00bbon|400px|400px|400px|400px\u00a0\u00bb border_width_all_image=\u00a0\u00bb10px\u00a0\u00bb border_color_all_image=\u00a0\u00bb#7CDA24&Prime; box_shadow_style_image=\u00a0\u00bbpreset2&Prime; global_colors_info=\u00a0\u00bb{}\u00a0\u00bb][\/et_pb_team_member][\/et_pb_column][et_pb_column type=\u00a0\u00bb1_3&Prime; _builder_version=\u00a0\u00bb4.27.4&Prime; _module_preset=\u00a0\u00bbdefault\u00a0\u00bb global_colors_info=\u00a0\u00bb{}\u00a0\u00bb][et_pb_team_member name=\u00a0\u00bbAnnabella DO CARMO SANTOS\u00a0\u00bb position=\u00a0\u00bbIntervenante en Strat\u00e9gie de D\u00e9veloppement commercial\u00a0\u00bb _builder_version=\u00a0\u00bb4.27.4&Prime; _module_preset=\u00a0\u00bbdefault\u00a0\u00bb header_font=\u00a0\u00bb|600|||||||\u00a0\u00bb text_orientation=\u00a0\u00bbcenter\u00a0\u00bb border_radii_image=\u00a0\u00bbon|400px|400px|400px|400px\u00a0\u00bb border_width_all_image=\u00a0\u00bb10px\u00a0\u00bb border_color_all_image=\u00a0\u00bb#EDF000&Prime; box_shadow_style_image=\u00a0\u00bbpreset2&Prime; global_colors_info=\u00a0\u00bb{}\u00a0\u00bb][\/et_pb_team_member][et_pb_team_member name=\u00a0\u00bbEmilie Faudel NGOUNOU GUEMLE\u00a0\u00bb position=\u00a0\u00bbIntervenante en Strat\u00e9gie marketing\u00a0\u00bb _builder_version=\u00a0\u00bb4.27.4&Prime; _module_preset=\u00a0\u00bbdefault\u00a0\u00bb header_font=\u00a0\u00bb|600|||||||\u00a0\u00bb text_orientation=\u00a0\u00bbcenter\u00a0\u00bb border_radii_image=\u00a0\u00bbon|400px|400px|400px|400px\u00a0\u00bb border_width_all_image=\u00a0\u00bb10px\u00a0\u00bb border_color_all_image=\u00a0\u00bb#f435c5&Prime; box_shadow_style_image=\u00a0\u00bbpreset2&Prime; global_colors_info=\u00a0\u00bb{}\u00a0\u00bb][\/et_pb_team_member][et_pb_team_member name=\u00a0\u00bbSaloua BEN BELKACEM \u00a0\u00bb position=\u00a0\u00bbIntervenante en accompagnement digital\u00a0\u00bb _builder_version=\u00a0\u00bb4.27.4&Prime; _module_preset=\u00a0\u00bbdefault\u00a0\u00bb header_font=\u00a0\u00bb|600|||||||\u00a0\u00bb text_orientation=\u00a0\u00bbcenter\u00a0\u00bb border_radii_image=\u00a0\u00bbon|400px|400px|400px|400px\u00a0\u00bb border_width_all_image=\u00a0\u00bb10px\u00a0\u00bb border_color_all_image=\u00a0\u00bb#EDF000&Prime; box_shadow_style_image=\u00a0\u00bbpreset2&Prime; global_colors_info=\u00a0\u00bb{}\u00a0\u00bb][\/et_pb_team_member][\/et_pb_column][\/et_pb_row][et_pb_row _builder_version=\u00a0\u00bb4.27.4&Prime; _module_preset=\u00a0\u00bbdefault\u00a0\u00bb global_colors_info=\u00a0\u00bb{}\u00a0\u00bb][et_pb_column type=\u00a0\u00bb4_4&Prime; _builder_version=\u00a0\u00bb4.27.4&Prime; _module_preset=\u00a0\u00bbdefault\u00a0\u00bb global_colors_info=\u00a0\u00bb{}\u00a0\u00bb][et_pb_divider _builder_version=\u00a0\u00bb4.27.4&Prime; _module_preset=\u00a0\u00bbdefault\u00a0\u00bb global_colors_info=\u00a0\u00bb{}\u00a0\u00bb][\/et_pb_divider][\/et_pb_column][\/et_pb_row][et_pb_row _builder_version=\u00a0\u00bb4.27.4&Prime; _module_preset=\u00a0\u00bbdefault\u00a0\u00bb custom_padding=\u00a0\u00bb0px|||||\u00a0\u00bb global_colors_info=\u00a0\u00bb{}\u00a0\u00bb][et_pb_column type=\u00a0\u00bb4_4&Prime; _builder_version=\u00a0\u00bb4.27.4&Prime; _module_preset=\u00a0\u00bbdefault\u00a0\u00bb global_colors_info=\u00a0\u00bb{}\u00a0\u00bb][et_pb_heading title=\u00a0\u00bbNos interventions acad\u00e9miques\u00a0\u00bb _builder_version=\u00a0\u00bb4.27.4&Prime; _module_preset=\u00a0\u00bbdefault\u00a0\u00bb title_font=\u00a0\u00bbIBM Plex Sans||||||||\u00a0\u00bb title_text_align=\u00a0\u00bbcenter\u00a0\u00bb title_text_color=\u00a0\u00bb#3b0862&Prime; title_font_size=\u00a0\u00bb50px\u00a0\u00bb title_text_shadow_style=\u00a0\u00bbpreset1&Prime; global_colors_info=\u00a0\u00bb{}\u00a0\u00bb][\/et_pb_heading][\/et_pb_column][\/et_pb_row][et_pb_row _builder_version=\u00a0\u00bb4.27.4&Prime; _module_preset=\u00a0\u00bbdefault\u00a0\u00bb global_colors_info=\u00a0\u00bb{}\u00a0\u00bb][et_pb_column type=\u00a0\u00bb4_4&Prime; _builder_version=\u00a0\u00bb4.27.4&Prime; _module_preset=\u00a0\u00bbdefault\u00a0\u00bb global_colors_info=\u00a0\u00bb{}\u00a0\u00bb][et_pb_gallery gallery_ids=\u00a0\u00bb882,881,879,883&Prime; show_title_and_caption=\u00a0\u00bboff\u00a0\u00bb show_pagination=\u00a0\u00bboff\u00a0\u00bb _builder_version=\u00a0\u00bb4.27.4&Prime; _module_preset=\u00a0\u00bbdefault\u00a0\u00bb global_colors_info=\u00a0\u00bb{}\u00a0\u00bb][\/et_pb_gallery][\/et_pb_column][\/et_pb_row][et_pb_row _builder_version=\u00a0\u00bb4.27.4&Prime; _module_preset=\u00a0\u00bbdefault\u00a0\u00bb global_colors_info=\u00a0\u00bb{}\u00a0\u00bb][et_pb_column type=\u00a0\u00bb4_4&Prime; _builder_version=\u00a0\u00bb4.27.4&Prime; _module_preset=\u00a0\u00bbdefault\u00a0\u00bb global_colors_info=\u00a0\u00bb{}\u00a0\u00bb][et_pb_divider _builder_version=\u00a0\u00bb4.27.4&Prime; _module_preset=\u00a0\u00bbdefault\u00a0\u00bb global_colors_info=\u00a0\u00bb{}\u00a0\u00bb][\/et_pb_divider][\/et_pb_column][\/et_pb_row][et_pb_row _builder_version=\u00a0\u00bb4.27.4&Prime; _module_preset=\u00a0\u00bbdefault\u00a0\u00bb custom_margin=\u00a0\u00bb-22px|auto||auto||\u00a0\u00bb custom_padding=\u00a0\u00bb13px|||||\u00a0\u00bb global_colors_info=\u00a0\u00bb{}\u00a0\u00bb][et_pb_column type=\u00a0\u00bb4_4&Prime; _builder_version=\u00a0\u00bb4.27.4&Prime; _module_preset=\u00a0\u00bbdefault\u00a0\u00bb global_colors_info=\u00a0\u00bb{}\u00a0\u00bb][et_pb_button button_url=\u00a0\u00bb@ET-DC@eyJkeW5hbWljIjp0cnVlLCJjb250ZW50IjoicG9zdF9saW5rX3VybF9wYWdlIiwic2V0dGluZ3MiOnsicG9zdF9pZCI6IjE0NSJ9fQ==@\u00a0\u00bb button_text=\u00a0\u00bbContacter-nous \u00a0\u00bb button_alignment=\u00a0\u00bbcenter\u00a0\u00bb _builder_version=\u00a0\u00bb4.27.4&Prime; _dynamic_attributes=\u00a0\u00bbbutton_url\u00a0\u00bb _module_preset=\u00a0\u00bbdefault\u00a0\u00bb custom_button=\u00a0\u00bbon\u00a0\u00bb button_text_size=\u00a0\u00bb16px\u00a0\u00bb button_text_color=\u00a0\u00bb#ffffff\u00a0\u00bb button_bg_color=\u00a0\u00bb#3b0862&Prime; button_border_width=\u00a0\u00bb0px\u00a0\u00bb button_border_color=\u00a0\u00bb#E01F45&Prime; button_border_radius=\u00a0\u00bb100px\u00a0\u00bb button_letter_spacing=\u00a0\u00bb1px\u00a0\u00bb button_font=\u00a0\u00bbRoboto|700||on|||||\u00a0\u00bb button_icon=\u00a0\u00bb&#x24;||divi||400&Prime; button_icon_color=\u00a0\u00bb#2B2B2B\u00a0\u00bb button_on_hover=\u00a0\u00bboff\u00a0\u00bb custom_margin=\u00a0\u00bb50px||||false|false\u00a0\u00bb custom_padding=\u00a0\u00bb15px|40px|15px|30px|true|false\u00a0\u00bb hover_enabled=\u00a0\u00bb0&Prime; global_colors_info=\u00a0\u00bb{}\u00a0\u00bb button_bg_enable_color=\u00a0\u00bbon\u00a0\u00bb sticky_enabled=\u00a0\u00bb0&Prime;][\/et_pb_button][\/et_pb_column][\/et_pb_row][\/et_pb_section]<\/p>\n","protected":false},"excerpt":{"rendered":"<p>Passionn\u00e9e par l\u2019univers du sport, de la performance et du digital, j\u2019ai consacr\u00e9 ma carri\u00e8re \u00e0 accompagner les organisations dans leur d\u00e9veloppement et leur transformation. Apr\u00e8s des ann\u00e9es en conseil et au sein de directions de clubs sportifs, j\u2019ai poursuivi un Master en Management et Gestion de Projet, puis un Executive MBA en Conseil, Strat\u00e9gie [&hellip;]<\/p>\n","protected":false},"author":1,"featured_media":0,"parent":0,"menu_order":0,"comment_status":"closed","ping_status":"closed","template":"","meta":{"_et_pb_use_builder":"on","_et_pb_old_content":"<!-- wp:divi\/placeholder \/-->","_et_gb_content_width":"","footnotes":""},"class_list":["post-121","page","type-page","status-publish","hentry"],"aioseo_notices":[],"_links":{"self":[{"href":"https:\/\/staging-p.digitalisetapme.fr\/index.php\/wp-json\/wp\/v2\/pages\/121","targetHints":{"allow":["GET"]}}],"collection":[{"href":"https:\/\/staging-p.digitalisetapme.fr\/index.php\/wp-json\/wp\/v2\/pages"}],"about":[{"href":"https:\/\/staging-p.digitalisetapme.fr\/index.php\/wp-json\/wp\/v2\/types\/page"}],"author":[{"embeddable":true,"href":"https:\/\/staging-p.digitalisetapme.fr\/index.php\/wp-json\/wp\/v2\/users\/1"}],"replies":[{"embeddable":true,"href":"https:\/\/staging-p.digitalisetapme.fr\/index.php\/wp-json\/wp\/v2\/comments?post=121"}],"version-history":[{"count":45,"href":"https:\/\/staging-p.digitalisetapme.fr\/index.php\/wp-json\/wp\/v2\/pages\/121\/revisions"}],"predecessor-version":[{"id":891,"href":"https:\/\/staging-p.digitalisetapme.fr\/index.php\/wp-json\/wp\/v2\/pages\/121\/revisions\/891"}],"wp:attachment":[{"href":"https:\/\/staging-p.digitalisetapme.fr\/index.php\/wp-json\/wp\/v2\/media?parent=121"}],"curies":[{"name":"wp","href":"https:\/\/api.w.org\/{rel}","templated":true}]}}