{"id":108,"date":"2025-03-18T09:25:32","date_gmt":"2025-03-18T09:25:32","guid":{"rendered":"https:\/\/well-intel.com\/digitalise-ta-pme\/?page_id=108"},"modified":"2025-11-21T14:00:04","modified_gmt":"2025-11-21T14:00:04","slug":"site-web","status":"publish","type":"page","link":"https:\/\/staging-p.digitalisetapme.fr\/index.php\/site-web\/","title":{"rendered":"Nos dipl\u00f4mes"},"content":{"rendered":"<p>[et_pb_section fb_built=\u00a0\u00bb1&Prime; admin_label=\u00a0\u00bbHeader\u00a0\u00bb _builder_version=\u00a0\u00bb4.27.4&Prime; _module_preset=\u00a0\u00bbdefault\u00a0\u00bb background_enable_color=\u00a0\u00bboff\u00a0\u00bb background_image=\u00a0\u00bbhttps:\/\/staging-p.digitalisetapme.fr\/wp-content\/uploads\/2025\/11\/Publication-Instagram-\ud83d\ude80-Lancement-de-lecole-scaled.png\u00a0\u00bb custom_margin=\u00a0\u00bb||27px|||\u00a0\u00bb custom_padding=\u00a0\u00bb0px||3px|||\u00a0\u00bb locked=\u00a0\u00bboff\u00a0\u00bb global_colors_info=\u00a0\u00bb{}\u00a0\u00bb][et_pb_row column_structure=\u00a0\u00bb1_2,1_2&Prime; _builder_version=\u00a0\u00bb4.27.4&Prime; _module_preset=\u00a0\u00bbdefault\u00a0\u00bb custom_margin=\u00a0\u00bb|auto||auto|false|false\u00a0\u00bb custom_margin_tablet=\u00a0\u00bb||0px||false|false\u00a0\u00bb custom_margin_phone=\u00a0\u00bb\u00a0\u00bb custom_margin_last_edited=\u00a0\u00bbon|phone\u00a0\u00bb custom_padding=\u00a0\u00bb5px|||||\u00a0\u00bb locked=\u00a0\u00bboff\u00a0\u00bb global_colors_info=\u00a0\u00bb{}\u00a0\u00bb][et_pb_column type=\u00a0\u00bb1_2&Prime; _builder_version=\u00a0\u00bb4.16&Prime; _module_preset=\u00a0\u00bbdefault\u00a0\u00bb custom_padding=\u00a0\u00bb6%||||false|false\u00a0\u00bb global_colors_info=\u00a0\u00bb{}\u00a0\u00bb][et_pb_heading title=\u00a0\u00bbNos formations d\u00e9bouchent sur des dipl\u00f4mes fran\u00e7ais reconnus et certifi\u00e9s.Ils attestent des comp\u00e9tences professionnelles acquises au cours de votre parcours.\u00a0\u00bb _builder_version=\u00a0\u00bb4.27.4&Prime; _module_preset=\u00a0\u00bbdefault\u00a0\u00bb title_level=\u00a0\u00bbh2&Prime; title_font=\u00a0\u00bbIBM Plex Sans||||||||\u00a0\u00bb title_text_align=\u00a0\u00bbcenter\u00a0\u00bb title_text_color=\u00a0\u00bb#ffffff\u00a0\u00bb custom_margin=\u00a0\u00bb89px|||||\u00a0\u00bb hover_enabled=\u00a0\u00bb0&Prime; global_colors_info=\u00a0\u00bb{}\u00a0\u00bb sticky_enabled=\u00a0\u00bb0&Prime;][\/et_pb_heading][et_pb_image src=\u00a0\u00bbhttps:\/\/staging-p.digitalisetapme.fr\/wp-content\/uploads\/2025\/03\/telehealth-33-1.png\u00a0\u00bb title_text=\u00a0\u00bbtelehealth-33&Prime; _builder_version=\u00a0\u00bb4.27.4&Prime; _module_preset=\u00a0\u00bbdefault\u00a0\u00bb positioning=\u00a0\u00bbabsolute\u00a0\u00bb vertical_offset=\u00a0\u00bb64%\u00a0\u00bb horizontal_offset=\u00a0\u00bb18%\u00a0\u00bb width=\u00a0\u00bb31%\u00a0\u00bb custom_padding=\u00a0\u00bb|182px||||\u00a0\u00bb animation_style=\u00a0\u00bbzoom\u00a0\u00bb global_colors_info=\u00a0\u00bb{}\u00a0\u00bb][\/et_pb_image][et_pb_button button_url=\u00a0\u00bb@ET-DC@eyJkeW5hbWljIjp0cnVlLCJjb250ZW50IjoicG9zdF9saW5rX3VybF9wYWdlIiwic2V0dGluZ3MiOnsicG9zdF9pZCI6IjE0NSJ9fQ==@\u00a0\u00bb button_text=\u00a0\u00bbContactez nous \u00a0\u00bb button_alignment=\u00a0\u00bbcenter\u00a0\u00bb _builder_version=\u00a0\u00bb4.27.4&Prime; _dynamic_attributes=\u00a0\u00bbbutton_url\u00a0\u00bb _module_preset=\u00a0\u00bbdefault\u00a0\u00bb custom_button=\u00a0\u00bbon\u00a0\u00bb button_text_size=\u00a0\u00bb16px\u00a0\u00bb button_text_color=\u00a0\u00bb#3b0862&Prime; button_bg_color=\u00a0\u00bb#fffd96&Prime; button_border_width=\u00a0\u00bb0px\u00a0\u00bb button_border_radius=\u00a0\u00bb100px\u00a0\u00bb button_letter_spacing=\u00a0\u00bb1px\u00a0\u00bb button_font=\u00a0\u00bbRoboto|700||on|||||\u00a0\u00bb button_icon=\u00a0\u00bb&#x24;||divi||400&Prime; button_icon_color=\u00a0\u00bb#2B2B2B\u00a0\u00bb button_on_hover=\u00a0\u00bboff\u00a0\u00bb custom_margin=\u00a0\u00bb||||false|false\u00a0\u00bb custom_padding=\u00a0\u00bb15px|40px|15px|30px|true|false\u00a0\u00bb hover_enabled=\u00a0\u00bb0&Prime; global_colors_info=\u00a0\u00bb{}\u00a0\u00bb sticky_enabled=\u00a0\u00bb0&Prime;][\/et_pb_button][\/et_pb_column][et_pb_column type=\u00a0\u00bb1_2&Prime; _builder_version=\u00a0\u00bb4.16&Prime; _module_preset=\u00a0\u00bbdefault\u00a0\u00bb custom_padding=\u00a0\u00bb6%||||false|false\u00a0\u00bb global_colors_info=\u00a0\u00bb{}\u00a0\u00bb][et_pb_image src=\u00a0\u00bbhttps:\/\/staging-p.digitalisetapme.fr\/wp-content\/uploads\/2025\/10\/bouchent-les-mains-tenant-des-diplomes-et-des-casquettes-scaled.jpg\u00a0\u00bb title_text=\u00a0\u00bbbouchent-les-mains-tenant-des-diplomes-et-des-casquettes\u00a0\u00bb _builder_version=\u00a0\u00bb4.27.4&Prime; _module_preset=\u00a0\u00bbdefault\u00a0\u00bb width=\u00a0\u00bb80%\u00a0\u00bb max_width=\u00a0\u00bb99%\u00a0\u00bb custom_margin=\u00a0\u00bb-43px|||80px|false|false\u00a0\u00bb custom_padding=\u00a0\u00bb|||80px|false|false\u00a0\u00bb animation_style=\u00a0\u00bbzoom\u00a0\u00bb animation_direction=\u00a0\u00bbleft\u00a0\u00bb border_radii=\u00a0\u00bbon|20px|20px|20px|20px\u00a0\u00bb global_colors_info=\u00a0\u00bb{}\u00a0\u00bb][\/et_pb_image][\/et_pb_column][\/et_pb_row][\/et_pb_section][et_pb_section fb_built=\u00a0\u00bb1&Prime; admin_label=\u00a0\u00bbFeature\u00a0\u00bb _builder_version=\u00a0\u00bb4.16&Prime; _module_preset=\u00a0\u00bbdefault\u00a0\u00bb custom_padding=\u00a0\u00bb0vw||||false|false\u00a0\u00bb global_colors_info=\u00a0\u00bb{}\u00a0\u00bb][et_pb_row _builder_version=\u00a0\u00bb4.27.4&Prime; _module_preset=\u00a0\u00bbdefault\u00a0\u00bb global_colors_info=\u00a0\u00bb{}\u00a0\u00bb][et_pb_column type=\u00a0\u00bb4_4&Prime; _builder_version=\u00a0\u00bb4.27.4&Prime; _module_preset=\u00a0\u00bbdefault\u00a0\u00bb global_colors_info=\u00a0\u00bb{}\u00a0\u00bb][et_pb_heading title=\u00a0\u00bbCertification\u00a0\u00bb _builder_version=\u00a0\u00bb4.27.4&Prime; _module_preset=\u00a0\u00bbdefault\u00a0\u00bb title_font=\u00a0\u00bbPoppins||||||||\u00a0\u00bb title_text_align=\u00a0\u00bbcenter\u00a0\u00bb title_text_color=\u00a0\u00bb#3b0862&Prime; title_font_size=\u00a0\u00bb50px\u00a0\u00bb custom_padding=\u00a0\u00bb1px|||||\u00a0\u00bb title_text_shadow_style=\u00a0\u00bbpreset1&Prime; global_colors_info=\u00a0\u00bb{}\u00a0\u00bb][\/et_pb_heading][\/et_pb_column][\/et_pb_row][et_pb_row column_structure=\u00a0\u00bb1_2,1_2&Prime; _builder_version=\u00a0\u00bb4.27.4&Prime; _module_preset=\u00a0\u00bbdefault\u00a0\u00bb global_colors_info=\u00a0\u00bb{}\u00a0\u00bb min_height=\u00a0\u00bb688.1px\u00a0\u00bb][et_pb_column type=\u00a0\u00bb1_2&Prime; _builder_version=\u00a0\u00bb4.27.4&Prime; _module_preset=\u00a0\u00bbdefault\u00a0\u00bb global_colors_info=\u00a0\u00bb{}\u00a0\u00bb][et_pb_image src=\u00a0\u00bbhttps:\/\/staging-p.digitalisetapme.fr\/wp-content\/uploads\/2025\/10\/certificat-de-diplome-d-etudes-detenu-par-un-mannequin-en-bois-scaled.jpg\u00a0\u00bb title_text=\u00a0\u00bbcertificat-de-diplome-d-etudes-detenu-par-un-mannequin-en-bois\u00a0\u00bb _builder_version=\u00a0\u00bb4.27.4&Prime; _module_preset=\u00a0\u00bbdefault\u00a0\u00bb global_colors_info=\u00a0\u00bb{}\u00a0\u00bb][\/et_pb_image][\/et_pb_column][et_pb_column type=\u00a0\u00bb1_2&Prime; _builder_version=\u00a0\u00bb4.27.4&Prime; _module_preset=\u00a0\u00bbdefault\u00a0\u00bb global_colors_info=\u00a0\u00bb{}\u00a0\u00bb][et_pb_text _builder_version=\u00a0\u00bb4.27.4&Prime; _module_preset=\u00a0\u00bbdefault\u00a0\u00bb text_font=\u00a0\u00bbIBM Plex Sans||||||||\u00a0\u00bb text_text_color=\u00a0\u00bb#3b0862&Prime; text_font_size=\u00a0\u00bb16px\u00a0\u00bb custom_margin=\u00a0\u00bb24px||||false|false\u00a0\u00bb global_colors_info=\u00a0\u00bb{}\u00a0\u00bb]<\/p>\n<p data-start=\"69\" data-end=\"288\" class=\"\" style=\"text-align: justify;\"><b>Lorem<\/b><\/p>\n<p>Le Lorem Ipsum est un morceau de texte utilis\u00e9 par les concepteurs pour remplir l&rsquo;espace o\u00f9 le contenu sera \u00e9ventuellement plac\u00e9. Il permet de montrer \u00e0 quoi ressemblera le texte une fois qu&rsquo;il sera termin\u00e9, au cours de la phase de planification.<\/p>\n<p>Le texte de remplissage est largement utilis\u00e9 depuis des si\u00e8cles, de sorte que la plupart des gens ont l&rsquo;habitude de voir du texte Lorem Ipsum sur une maquette. Ainsi, lorsqu&rsquo;un concepteur envoie son mod\u00e8le \u00e0 un client, celui-ci ne sera pas distrait par le texte de la page.<\/p>\n<p>Lisez la suite pour savoir ce que signifie Lorem Ipsum, pourquoi nous l&rsquo;utilisons et comment commencer \u00e0 cr\u00e9er des textes Lorem Ipsum dans vos dessins et mod\u00e8les.<\/p>\n<p>[\/et_pb_text][\/et_pb_column][\/et_pb_row][et_pb_row _builder_version=\u00a0\u00bb4.27.4&Prime; _module_preset=\u00a0\u00bbdefault\u00a0\u00bb custom_padding=\u00a0\u00bb||0px|||\u00a0\u00bb global_colors_info=\u00a0\u00bb{}\u00a0\u00bb][et_pb_column type=\u00a0\u00bb4_4&Prime; _builder_version=\u00a0\u00bb4.27.4&Prime; _module_preset=\u00a0\u00bbdefault\u00a0\u00bb global_colors_info=\u00a0\u00bb{}\u00a0\u00bb][et_pb_button button_url=\u00a0\u00bb@ET-DC@eyJkeW5hbWljIjp0cnVlLCJjb250ZW50IjoicG9zdF9saW5rX3VybF9wYWdlIiwic2V0dGluZ3MiOnsicG9zdF9pZCI6IjE0NSJ9fQ==@\u00a0\u00bb button_text=\u00a0\u00bbBesoin plus de d\u00e9tails ? Parlons de votre projet d\u00e8s maintenant !\u00a0\u00bb button_alignment=\u00a0\u00bbcenter\u00a0\u00bb _builder_version=\u00a0\u00bb4.27.4&Prime; _dynamic_attributes=\u00a0\u00bbbutton_url\u00a0\u00bb _module_preset=\u00a0\u00bbdefault\u00a0\u00bb custom_button=\u00a0\u00bbon\u00a0\u00bb button_text_size=\u00a0\u00bb16px\u00a0\u00bb button_text_color=\u00a0\u00bb#fffd96&Prime; button_bg_color=\u00a0\u00bb#3b0862&Prime; button_border_width=\u00a0\u00bb0px\u00a0\u00bb button_border_color=\u00a0\u00bb#E01F45&Prime; button_border_radius=\u00a0\u00bb100px\u00a0\u00bb button_letter_spacing=\u00a0\u00bb1px\u00a0\u00bb button_font=\u00a0\u00bbRoboto|700||on|||||\u00a0\u00bb button_icon=\u00a0\u00bb&#x24;||divi||400&Prime; button_icon_color=\u00a0\u00bb#2B2B2B\u00a0\u00bb button_on_hover=\u00a0\u00bboff\u00a0\u00bb custom_margin=\u00a0\u00bb||-8px||false|false\u00a0\u00bb custom_padding=\u00a0\u00bb15px|40px|15px|30px|true|false\u00a0\u00bb global_colors_info=\u00a0\u00bb{}\u00a0\u00bb][\/et_pb_button][\/et_pb_column][\/et_pb_row][\/et_pb_section][et_pb_section fb_built=\u00a0\u00bb1&Prime; _builder_version=\u00a0\u00bb4.27.4&Prime; _module_preset=\u00a0\u00bbdefault\u00a0\u00bb background_image=\u00a0\u00bbhttps:\/\/staging-p.digitalisetapme.fr\/wp-content\/uploads\/2025\/11\/Publication-Instagram-\ud83d\ude80-Lancement-de-lecole-scaled.png\u00a0\u00bb global_colors_info=\u00a0\u00bb{}\u00a0\u00bb][et_pb_row _builder_version=\u00a0\u00bb4.27.4&Prime; _module_preset=\u00a0\u00bbdefault\u00a0\u00bb global_colors_info=\u00a0\u00bb{}\u00a0\u00bb][et_pb_column type=\u00a0\u00bb4_4&Prime; _builder_version=\u00a0\u00bb4.27.4&Prime; _module_preset=\u00a0\u00bbdefault\u00a0\u00bb global_colors_info=\u00a0\u00bb{}\u00a0\u00bb][et_pb_heading title=\u00a0\u00bbDipl\u00f4mes propos\u00e9s\u00a0\u00bb _builder_version=\u00a0\u00bb4.27.4&Prime; _module_preset=\u00a0\u00bbdefault\u00a0\u00bb title_font=\u00a0\u00bbPoppins||||||||\u00a0\u00bb title_text_align=\u00a0\u00bbcenter\u00a0\u00bb title_text_color=\u00a0\u00bb#3b0862&Prime; title_font_size=\u00a0\u00bb50px\u00a0\u00bb custom_margin=\u00a0\u00bb-18px||-21px|||\u00a0\u00bb custom_padding=\u00a0\u00bb1px|||||\u00a0\u00bb hover_enabled=\u00a0\u00bb0&Prime; title_text_shadow_style=\u00a0\u00bbpreset1&Prime; global_colors_info=\u00a0\u00bb{}\u00a0\u00bb sticky_enabled=\u00a0\u00bb0&Prime;][\/et_pb_heading][\/et_pb_column][\/et_pb_row][et_pb_row _builder_version=\u00a0\u00bb4.27.4&Prime; _module_preset=\u00a0\u00bbdefault\u00a0\u00bb][et_pb_column _builder_version=\u00a0\u00bb4.27.4&Prime; _module_preset=\u00a0\u00bbdefault\u00a0\u00bb type=\u00a0\u00bb4_4&Prime;][et_pb_text quote_border_color=\u00a0\u00bb#b15ab5&Prime; _builder_version=\u00a0\u00bb4.27.4&Prime; _module_preset=\u00a0\u00bb2c55a9c4-feed-423b-9edb-ae0b5b365cac\u00a0\u00bb text_font=\u00a0\u00bbIBM Plex Sans|IBM Plex Sans_weight|||||||\u00a0\u00bb text_text_color=\u00a0\u00bb#ffffff\u00a0\u00bb text_font_size=\u00a0\u00bb16px\u00a0\u00bb text_line_height=\u00a0\u00bb1.75em\u00a0\u00bb link_font=\u00a0\u00bb|IBM Plex Sans_weight|||||||\u00a0\u00bb link_text_color=\u00a0\u00bb#3b0862&Prime; quote_font=\u00a0\u00bbPoppins|Poppins_weight|||||||\u00a0\u00bb quote_text_color=\u00a0\u00bb#ffffff\u00a0\u00bb header_font=\u00a0\u00bbPoppins|Poppins_weight|||||||\u00a0\u00bb header_text_color=\u00a0\u00bb#ffffff\u00a0\u00bb header_font_size=\u00a0\u00bb72px\u00a0\u00bb header_line_height=\u00a0\u00bb1.15em\u00a0\u00bb header_2_font=\u00a0\u00bbPoppins|Poppins_weight|||||||\u00a0\u00bb header_2_text_color=\u00a0\u00bb#ffffff\u00a0\u00bb header_2_font_size=\u00a0\u00bb50px\u00a0\u00bb header_2_line_height=\u00a0\u00bb1.2em\u00a0\u00bb header_3_font=\u00a0\u00bbPoppins|Poppins_weight|||||||\u00a0\u00bb header_3_text_color=\u00a0\u00bb#ffffff\u00a0\u00bb header_3_font_size=\u00a0\u00bb32px\u00a0\u00bb header_3_line_height=\u00a0\u00bb1.3em\u00a0\u00bb header_4_font=\u00a0\u00bbPoppins|Poppins_weight|||||||\u00a0\u00bb header_4_text_color=\u00a0\u00bb#ffffff\u00a0\u00bb header_4_font_size=\u00a0\u00bb24px\u00a0\u00bb header_4_line_height=\u00a0\u00bb1.4em\u00a0\u00bb header_5_font=\u00a0\u00bbPoppins|Poppins_weight|||||||\u00a0\u00bb header_5_text_color=\u00a0\u00bb#ffffff\u00a0\u00bb header_5_font_size=\u00a0\u00bb18px\u00a0\u00bb header_5_line_height=\u00a0\u00bb1.4em\u00a0\u00bb header_6_font=\u00a0\u00bbPoppins|Poppins_weight|||||||\u00a0\u00bb header_6_text_color=\u00a0\u00bb#ffffff\u00a0\u00bb header_6_line_height=\u00a0\u00bb1.5em\u00a0\u00bb custom_margin=\u00a0\u00bb||||false|false\u00a0\u00bb hover_enabled=\u00a0\u00bb0&Prime; text_font_size_tablet=\u00a0\u00bb15px\u00a0\u00bb text_font_size_phone=\u00a0\u00bb14px\u00a0\u00bb text_font_size_last_edited=\u00a0\u00bbon|phone\u00a0\u00bb header_font_size_tablet=\u00a0\u00bb40px\u00a0\u00bb header_font_size_phone=\u00a0\u00bb24px\u00a0\u00bb header_font_size_last_edited=\u00a0\u00bbon|desktop\u00a0\u00bb header_2_font_size_tablet=\u00a0\u00bb28px\u00a0\u00bb header_2_font_size_phone=\u00a0\u00bb20px\u00a0\u00bb header_2_font_size_last_edited=\u00a0\u00bbon|phone\u00a0\u00bb header_3_font_size_tablet=\u00a0\u00bb22px\u00a0\u00bb header_3_font_size_phone=\u00a0\u00bb17px\u00a0\u00bb header_3_font_size_last_edited=\u00a0\u00bbon|phone\u00a0\u00bb header_4_font_size_tablet=\u00a0\u00bb18px\u00a0\u00bb header_4_font_size_phone=\u00a0\u00bb15px\u00a0\u00bb header_4_font_size_last_edited=\u00a0\u00bbon|tablet\u00a0\u00bb header_5_font_size_tablet=\u00a0\u00bb15px\u00a0\u00bb header_5_font_size_phone=\u00a0\u00bb14px\u00a0\u00bb header_5_font_size_last_edited=\u00a0\u00bbon|desktop\u00a0\u00bb header_6_font_size_tablet=\u00a0\u00bb13px\u00a0\u00bb header_6_font_size_phone=\u00a0\u00bb13px\u00a0\u00bb header_6_font_size_last_edited=\u00a0\u00bbon|desktop\u00a0\u00bb global_colors_info=\u00a0\u00bb{}\u00a0\u00bb locked=\u00a0\u00bboff\u00a0\u00bb sticky_enabled=\u00a0\u00bb0&Prime;]<\/p>\n<p data-start=\"494\" data-end=\"690\"><strong data-start=\"494\" data-end=\"690\">Digitalise ta PME \u2013 L\u2019\u00c9cole du Marketing Digital propose un parcours complet allant du Bachelor au MBA, con\u00e7u pour accompagner chaque \u00e9tudiant dans sa mont\u00e9e en comp\u00e9tences, \u00e9tape apr\u00e8s \u00e9tape.<\/strong><\/p>\n<p data-start=\"692\" data-end=\"884\">Notre p\u00e9dagogie progressive permet de d\u00e9velopper les fondamentaux, puis de ma\u00eetriser la cr\u00e9ation digitale, avant d\u2019acc\u00e9der aux strat\u00e9gies avanc\u00e9es, au management et \u00e0 la gouvernance num\u00e9rique.<\/p>\n<p data-start=\"886\" data-end=\"921\">Nous proposons deux grands cycles :<\/p>\n<p>[\/et_pb_text][\/et_pb_column][\/et_pb_row][et_pb_row column_structure=\u00a0\u00bb1_2,1_2&Prime; _builder_version=\u00a0\u00bb4.27.4&Prime; _module_preset=\u00a0\u00bbdefault\u00a0\u00bb hover_enabled=\u00a0\u00bb0&Prime; locked=\u00a0\u00bboff\u00a0\u00bb global_colors_info=\u00a0\u00bb{}\u00a0\u00bb sticky_enabled=\u00a0\u00bb0&Prime; custom_padding=\u00a0\u00bb26px|||||\u00a0\u00bb][et_pb_column type=\u00a0\u00bb1_2&Prime; _builder_version=\u00a0\u00bb4.27.4&Prime; _module_preset=\u00a0\u00bbdefault\u00a0\u00bb global_colors_info=\u00a0\u00bb{}\u00a0\u00bb][et_pb_cta title=\u00a0\u00bbBachelor \u2013 Cycle BBS (3 ans)\u00a0\u00bb button_text=\u00a0\u00bbClics\u00a0\u00bb disabled_on=\u00a0\u00bbon|on|off\u00a0\u00bb _builder_version=\u00a0\u00bb4.27.4&Prime; _module_preset=\u00a0\u00bbdefault\u00a0\u00bb body_text_color=\u00a0\u00bb#FFFFFF\u00a0\u00bb background_color=\u00a0\u00bb#3b0862&Prime; custom_margin=\u00a0\u00bb|-2px||-2px|false|true\u00a0\u00bb custom_padding=\u00a0\u00bb18px||0px||false|false\u00a0\u00bb hover_enabled=\u00a0\u00bb0&Prime; global_colors_info=\u00a0\u00bb{}\u00a0\u00bb sticky_enabled=\u00a0\u00bb0&Prime; header_font=\u00a0\u00bbIBM Plex Sans||||||||\u00a0\u00bb]<\/p>\n<blockquote>\n<p data-start=\"969\" data-end=\"1102\" style=\"text-align: justify;\">Un parcours structur\u00e9 en trois niveaux (BBS1, BBS2 et BBS3) qui permet d\u2019acqu\u00e9rir les comp\u00e9tences essentielles du marketing digital :<\/p>\n<ul data-start=\"1104\" data-end=\"1271\" style=\"text-align: justify;\">\n<li data-start=\"1104\" data-end=\"1156\">\n<p data-start=\"1106\" data-end=\"1156\">Fondamentaux du marketing et des r\u00e9seaux sociaux<\/p>\n<\/li>\n<li data-start=\"1157\" data-end=\"1209\">\n<p data-start=\"1159\" data-end=\"1209\">Cr\u00e9ation web, UX\/UI, SEO\/SEA, publicit\u00e9 digitale<\/p>\n<\/li>\n<li data-start=\"1210\" data-end=\"1271\">\n<p data-start=\"1212\" data-end=\"1271\">Strat\u00e9gie digitale, data marketing, automatisation et CRM<\/p>\n<\/li>\n<\/ul>\n<p data-start=\"1273\" data-end=\"1416\" style=\"text-align: justify;\">Ce cycle est id\u00e9al pour les \u00e9tudiants post-bac, les personnes en reconversion, ou celles souhaitant construire une carri\u00e8re dans le digital.\u00a0 \u00a0 \u00a0 \u00a0 \u00a0 \u00a0 \u00a0 \u00a0 \u00a0 \u00a0 \u00a0 \u00a0 \u00a0 \u00a0 \u00a0 \u00a0 \u00a0 \u00a0 \u00a0 \u00a0 \u00a0 \u00a0 \u00a0 \u00a0 \u00a0 \u00a0 \u00a0 \u00a0 \u00a0 \u00a0 \u00a0 \u00a0 \u00a0 \u00a0 \u00a0 \u00a0 \u00a0 \u00a0 \u00a0 \u00a0 \u00a0 \u00a0 \u00a0 \u00a0 \u00a0 \u00a0 \u00a0 \u00a0 \u00a0 \u00a0 \u00a0 \u00a0 \u00a0 \u00a0 \u00a0 \u00a0 \u00a0 \u00a0 \u00a0 \u00a0 \u00a0 \u00a0 \u00a0 \u00a0 \u00a0 \u00a0 \u00a0 \u00a0 \u00a0 \u00a0 \u00a0 \u00a0 \u00a0 \u00a0 \u00a0 \u00a0 \u00a0 \u00a0 \u00a0 \u00a0 \u00a0 \u00a0 \u00a0 \u00a0 \u00a0 \u00a0 \u00a0 \u00a0 \u00a0 \u00a0 \u00a0 \u00a0 \u00a0 \u00a0 \u00a0 \u00a0 \u00a0 \u00a0 \u00a0 \u00a0\u00a0<\/p>\n<p data-start=\"1273\" data-end=\"1416\" style=\"text-align: justify;\">\n<p data-start=\"1273\" data-end=\"1416\" style=\"text-align: justify;\">\n<p data-start=\"1273\" data-end=\"1416\" style=\"text-align: justify;\">\n<p data-start=\"1273\" data-end=\"1416\" style=\"text-align: justify;\">\n<p data-start=\"1273\" data-end=\"1416\" style=\"text-align: justify;\">\n<\/blockquote>\n<p>[\/et_pb_cta][\/et_pb_column][et_pb_column type=\u00a0\u00bb1_2&Prime; _builder_version=\u00a0\u00bb4.27.4&Prime; _module_preset=\u00a0\u00bbdefault\u00a0\u00bb global_colors_info=\u00a0\u00bb{}\u00a0\u00bb][et_pb_cta title=\u00a0\u00bbMaster \/ MBA (2 ans)\u00a0\u00bb button_text=\u00a0\u00bbClics\u00a0\u00bb disabled_on=\u00a0\u00bbon|on|off\u00a0\u00bb _builder_version=\u00a0\u00bb4.27.4&Prime; _module_preset=\u00a0\u00bbdefault\u00a0\u00bb body_text_color=\u00a0\u00bb#FFFFFF\u00a0\u00bb background_color=\u00a0\u00bb#3b0862&Prime; custom_margin=\u00a0\u00bb|3px||3px|false|true\u00a0\u00bb custom_padding=\u00a0\u00bb18px||1px|40px|false|false\u00a0\u00bb hover_enabled=\u00a0\u00bb0&Prime; global_colors_info=\u00a0\u00bb{}\u00a0\u00bb header_font=\u00a0\u00bbIBM Plex Sans||||||||\u00a0\u00bb sticky_enabled=\u00a0\u00bb0&Prime;]<\/p>\n<blockquote>\n<p data-start=\"1456\" data-end=\"1587\" style=\"text-align: justify;\">Un cycle d\u2019expertise destin\u00e9 aux profils souhaitant \u00e9voluer vers des postes de management, de pilotage ou de gouvernance digitale :<\/p>\n<ul data-start=\"1589\" data-end=\"1819\" style=\"text-align: justify;\">\n<li data-start=\"1589\" data-end=\"1643\">\n<p data-start=\"1591\" data-end=\"1643\">Gestion de projets et communication \u00e9v\u00e9nementielle<\/p>\n<\/li>\n<li data-start=\"1644\" data-end=\"1711\">\n<p data-start=\"1646\" data-end=\"1711\">Leadership, transformation interne et communication responsable<\/p>\n<\/li>\n<li data-start=\"1712\" data-end=\"1759\">\n<p data-start=\"1714\" data-end=\"1759\">Gouvernance data, conformit\u00e9 RGPD\/NIS2\/DORA<\/p>\n<\/li>\n<li data-start=\"1760\" data-end=\"1819\">\n<p data-start=\"1762\" data-end=\"1819\">Cybers\u00e9curit\u00e9, gestion de crise et r\u00e9silience num\u00e9rique<\/p>\n<\/li>\n<\/ul>\n<p data-start=\"1821\" data-end=\"1912\" style=\"text-align: justify;\">Ce cycle pr\u00e9pare aux responsabilit\u00e9s strat\u00e9giques et aux titres professionnels reconnus.<\/p>\n<\/blockquote>\n<p>[\/et_pb_cta][\/et_pb_column][\/et_pb_row][\/et_pb_section][et_pb_section fb_built=\u00a0\u00bb1&Prime; theme_builder_area=\u00a0\u00bbpost_content\u00a0\u00bb _builder_version=\u00a0\u00bb4.27.4&Prime; _module_preset=\u00a0\u00bbdefault\u00a0\u00bb][et_pb_row _builder_version=\u00a0\u00bb4.27.4&Prime; _module_preset=\u00a0\u00bbdefault\u00a0\u00bb theme_builder_area=\u00a0\u00bbpost_content\u00a0\u00bb][et_pb_column _builder_version=\u00a0\u00bb4.27.4&Prime; _module_preset=\u00a0\u00bbdefault\u00a0\u00bb type=\u00a0\u00bb4_4&Prime; theme_builder_area=\u00a0\u00bbpost_content\u00a0\u00bb][et_pb_heading title=\u00a0\u00bbNiveaux propos\u00e9s\u00a0\u00bb _builder_version=\u00a0\u00bb4.27.4&Prime; _module_preset=\u00a0\u00bbdefault\u00a0\u00bb title_font=\u00a0\u00bbPoppins||||||||\u00a0\u00bb title_text_align=\u00a0\u00bbcenter\u00a0\u00bb title_text_color=\u00a0\u00bb#3b0862&Prime; title_font_size=\u00a0\u00bb50px\u00a0\u00bb custom_margin=\u00a0\u00bb-18px||-21px|||\u00a0\u00bb custom_padding=\u00a0\u00bb1px|||||\u00a0\u00bb hover_enabled=\u00a0\u00bb0&Prime; title_text_shadow_style=\u00a0\u00bbpreset1&Prime; global_colors_info=\u00a0\u00bb{}\u00a0\u00bb sticky_enabled=\u00a0\u00bb0&Prime; theme_builder_area=\u00a0\u00bbpost_content\u00a0\u00bb][\/et_pb_heading][\/et_pb_column][\/et_pb_row][et_pb_row _builder_version=\u00a0\u00bb4.27.4&Prime; _module_preset=\u00a0\u00bbdefault\u00a0\u00bb theme_builder_area=\u00a0\u00bbpost_content\u00a0\u00bb column_structure=\u00a0\u00bb3_5,2_5&Prime;][et_pb_column _builder_version=\u00a0\u00bb4.27.4&Prime; _module_preset=\u00a0\u00bbdefault\u00a0\u00bb type=\u00a0\u00bb3_5&Prime; theme_builder_area=\u00a0\u00bbpost_content\u00a0\u00bb][et_pb_cta title=\u00a0\u00bb\ud83c\udf93 BBS1 \u2013 Fondations du marketing digital &#038; r\u00e9seaux sociaux\u00a0\u00bb button_text=\u00a0\u00bbClics\u00a0\u00bb disabled_on=\u00a0\u00bbon|on|off\u00a0\u00bb _builder_version=\u00a0\u00bb4.27.4&Prime; _module_preset=\u00a0\u00bbdefault\u00a0\u00bb body_text_color=\u00a0\u00bb#FFFFFF\u00a0\u00bb background_color=\u00a0\u00bb#3b0862&Prime; custom_margin=\u00a0\u00bb|3px||3px|false|true\u00a0\u00bb custom_padding=\u00a0\u00bb18px||1px|40px|false|false\u00a0\u00bb hover_enabled=\u00a0\u00bb0&Prime; global_colors_info=\u00a0\u00bb{}\u00a0\u00bb header_font=\u00a0\u00bbIBM Plex Sans||||||||\u00a0\u00bb sticky_enabled=\u00a0\u00bb0&Prime; theme_builder_area=\u00a0\u00bbpost_content\u00a0\u00bb]<\/p>\n<blockquote>\n<p style=\"text-align: justify;\"><strong>Objectif<\/strong> : Comprendre les bases du marketing digital, du comportement consommateur et des r\u00e9seaux sociaux.<\/p>\n<p style=\"text-align: justify;\"><strong>Modules<\/strong> :<\/p>\n<ul style=\"text-align: justify;\">\n<li>Introduction au marketing digital &amp; comportements consommateurs (avec data int\u00e9gr\u00e9e)<\/li>\n<li>Community management &amp; r\u00e9seaux sociaux<\/li>\n<li>Influence, branding &amp; r\u00e9seaux sociaux avanc\u00e9s<\/li>\n<li>Business English \u2013 Level 1 : Initiation au vocabulaire digital et commercial<\/li>\n<\/ul>\n<p data-start=\"1456\" data-end=\"1587\" style=\"text-align: justify;\"><strong>Public<\/strong> : post-bac \/ \u00e9tudiants \u00e9trangers \/ reconversion<\/p>\n<p data-start=\"1456\" data-end=\"1587\" style=\"text-align: justify;\"><strong>Tarif initial<\/strong> : 1\u202f200 \u20ac l\u2019ann\u00e9e<br \/><strong>Alternance<\/strong> : non disponible<\/p>\n<\/blockquote>\n<p>[\/et_pb_cta][\/et_pb_column][et_pb_column _builder_version=\u00a0\u00bb4.27.4&Prime; _module_preset=\u00a0\u00bbdefault\u00a0\u00bb type=\u00a0\u00bb2_5&Prime; theme_builder_area=\u00a0\u00bbpost_content\u00a0\u00bb][\/et_pb_column][\/et_pb_row][et_pb_row _builder_version=\u00a0\u00bb4.27.4&Prime; _module_preset=\u00a0\u00bbdefault\u00a0\u00bb theme_builder_area=\u00a0\u00bbpost_content\u00a0\u00bb column_structure=\u00a0\u00bb2_5,3_5&Prime;][et_pb_column _builder_version=\u00a0\u00bb4.27.4&Prime; _module_preset=\u00a0\u00bbdefault\u00a0\u00bb type=\u00a0\u00bb2_5&Prime; theme_builder_area=\u00a0\u00bbpost_content\u00a0\u00bb][\/et_pb_column][et_pb_column _builder_version=\u00a0\u00bb4.27.4&Prime; _module_preset=\u00a0\u00bbdefault\u00a0\u00bb type=\u00a0\u00bb3_5&Prime; theme_builder_area=\u00a0\u00bbpost_content\u00a0\u00bb][et_pb_cta title=\u00a0\u00bb\ud83c\udf93 BBS2 \u2013 Production digitale &#038; cr\u00e9ation web\u00a0\u00bb button_text=\u00a0\u00bbClics\u00a0\u00bb disabled_on=\u00a0\u00bbon|on|off\u00a0\u00bb _builder_version=\u00a0\u00bb4.27.4&Prime; _module_preset=\u00a0\u00bbdefault\u00a0\u00bb body_text_color=\u00a0\u00bb#FFFFFF\u00a0\u00bb background_color=\u00a0\u00bb#3b0862&Prime; custom_margin=\u00a0\u00bb|3px||3px|false|true\u00a0\u00bb custom_padding=\u00a0\u00bb18px||1px|40px|false|false\u00a0\u00bb hover_enabled=\u00a0\u00bb0&Prime; global_colors_info=\u00a0\u00bb{}\u00a0\u00bb header_font=\u00a0\u00bbIBM Plex Sans||||||||\u00a0\u00bb sticky_enabled=\u00a0\u00bb0&Prime; theme_builder_area=\u00a0\u00bbpost_content\u00a0\u00bb]<\/p>\n<blockquote>\n<p style=\"text-align: justify;\"><strong>Objectif<\/strong> : Cr\u00e9er un site web, le rendre visible et le promouvoir.<\/p>\n<p style=\"text-align: justify;\"><strong>Modules<\/strong> :<\/p>\n<ul style=\"text-align: justify;\">\n<li>Cr\u00e9ation de site web (CMS \/ WordPress)<\/li>\n<li>UX\/UI &amp; accessibilit\u00e9<\/li>\n<li>SEO \/ SEA<\/li>\n<li>Publicit\u00e9 digitale (Meta, Google, LinkedIn, TikTok\u2026)<\/li>\n<li>Tracking &amp; analyse de donn\u00e9es<\/li>\n<li>Business English \u2013 Level 2 : Pr\u00e9sentation d\u2019un projet web &amp; communication avec une audience internationale<\/li>\n<\/ul>\n<p data-start=\"1456\" data-end=\"1587\" style=\"text-align: justify;\"><strong>Public<\/strong> : Bac+1 ou \u00e9quivalent<br \/><strong>Tarif initial<\/strong> : 1\u202f400 \u20ac<br \/><strong>Alternance<\/strong> : non disponible<\/p>\n<\/blockquote>\n<p>[\/et_pb_cta][\/et_pb_column][\/et_pb_row][et_pb_row _builder_version=\u00a0\u00bb4.27.4&Prime; _module_preset=\u00a0\u00bbdefault\u00a0\u00bb theme_builder_area=\u00a0\u00bbpost_content\u00a0\u00bb column_structure=\u00a0\u00bb3_5,2_5&Prime;][et_pb_column _builder_version=\u00a0\u00bb4.27.4&Prime; _module_preset=\u00a0\u00bbdefault\u00a0\u00bb type=\u00a0\u00bb3_5&Prime; theme_builder_area=\u00a0\u00bbpost_content\u00a0\u00bb][et_pb_cta title=\u00a0\u00bb\ud83c\udf93BBS3 \u2013 Strat\u00e9gie digitale &#038; outils avanc\u00e9s\u00a0\u00bb button_text=\u00a0\u00bbClics\u00a0\u00bb disabled_on=\u00a0\u00bbon|on|off\u00a0\u00bb _builder_version=\u00a0\u00bb4.27.4&Prime; _module_preset=\u00a0\u00bbdefault\u00a0\u00bb body_text_color=\u00a0\u00bb#FFFFFF\u00a0\u00bb background_color=\u00a0\u00bb#3b0862&Prime; custom_margin=\u00a0\u00bb|3px||3px|false|true\u00a0\u00bb custom_padding=\u00a0\u00bb18px||1px|40px|false|false\u00a0\u00bb hover_enabled=\u00a0\u00bb0&Prime; global_colors_info=\u00a0\u00bb{}\u00a0\u00bb header_font=\u00a0\u00bbIBM Plex Sans||||||||\u00a0\u00bb sticky_enabled=\u00a0\u00bb0&Prime; theme_builder_area=\u00a0\u00bbpost_content\u00a0\u00bb]<\/p>\n<blockquote>\n<p style=\"text-align: justify;\"><strong>Objectif<\/strong> : \u00c9laborer une strat\u00e9gie compl\u00e8te de communication et marketing digital.<\/p>\n<p style=\"text-align: justify;\"><strong>Modules<\/strong> :<\/p>\n<ul style=\"text-align: justify;\">\n<li>\u00c9tude de march\u00e9 &amp; veille concurrentielle<\/li>\n<li>Plan de communication<\/li>\n<li>CRM \/ DMP \/ gestion de la donn\u00e9e client<\/li>\n<li>IA &amp; automatisation marketing (ChatGPT, no-code, IA g\u00e9n\u00e9rative)<\/li>\n<li>Business English \u2013 Level 3 : D\u00e9bat et strat\u00e9gie marketing en anglais<\/li>\n<\/ul>\n<p style=\"text-align: justify;\"><strong>Public<\/strong> : Bac+2 valid\u00e9<br \/><strong>Certification vis\u00e9e<\/strong> : Titre RNCP n\u00b040377 \u2013 Charg\u00e9(e) de marketing digital et e\u2011commerce (via IS\u2011DBA)<br \/>\ud83d\udcb6 <strong>Tarifs<\/strong> :<\/p>\n<ul>\n<li style=\"text-align: justify;\">Initial : 1\u202f600 \u20ac<\/li>\n<li style=\"text-align: justify;\">Alternance : <strong>Prise en charge OPCO \u2013 8<\/strong><strong>\u202f000 <\/strong><strong>\u20ac (estim<\/strong><strong>\u00e9)<\/strong><\/li>\n<\/ul>\n<\/blockquote>\n<p>[\/et_pb_cta][\/et_pb_column][et_pb_column _builder_version=\u00a0\u00bb4.27.4&Prime; _module_preset=\u00a0\u00bbdefault\u00a0\u00bb type=\u00a0\u00bb2_5&Prime; theme_builder_area=\u00a0\u00bbpost_content\u00a0\u00bb][\/et_pb_column][\/et_pb_row][et_pb_row _builder_version=\u00a0\u00bb4.27.4&Prime; _module_preset=\u00a0\u00bbdefault\u00a0\u00bb theme_builder_area=\u00a0\u00bbpost_content\u00a0\u00bb column_structure=\u00a0\u00bb2_5,3_5&Prime;][et_pb_column _builder_version=\u00a0\u00bb4.27.4&Prime; _module_preset=\u00a0\u00bbdefault\u00a0\u00bb type=\u00a0\u00bb2_5&Prime; theme_builder_area=\u00a0\u00bbpost_content\u00a0\u00bb][\/et_pb_column][et_pb_column _builder_version=\u00a0\u00bb4.27.4&Prime; _module_preset=\u00a0\u00bbdefault\u00a0\u00bb type=\u00a0\u00bb3_5&Prime; theme_builder_area=\u00a0\u00bbpost_content\u00a0\u00bb][et_pb_cta title=\u00a0\u00bb\ud83c\udf93 MBA1 \u2013 Pilotage de projets &#038; communication\u00a0\u00bb button_text=\u00a0\u00bbClics\u00a0\u00bb disabled_on=\u00a0\u00bbon|on|off\u00a0\u00bb _builder_version=\u00a0\u00bb4.27.4&Prime; _module_preset=\u00a0\u00bbdefault\u00a0\u00bb body_text_color=\u00a0\u00bb#FFFFFF\u00a0\u00bb background_color=\u00a0\u00bb#3b0862&Prime; custom_margin=\u00a0\u00bb|3px||3px|false|true\u00a0\u00bb custom_padding=\u00a0\u00bb18px||1px|40px|false|false\u00a0\u00bb hover_enabled=\u00a0\u00bb0&Prime; global_colors_info=\u00a0\u00bb{}\u00a0\u00bb header_font=\u00a0\u00bbIBM Plex Sans||||||||\u00a0\u00bb sticky_enabled=\u00a0\u00bb0&Prime; theme_builder_area=\u00a0\u00bbpost_content\u00a0\u00bb]<\/p>\n<blockquote>\n<p style=\"text-align: justify;\"><strong>Objectif<\/strong> : G\u00e9rer des projets digitaux, \u00e9v\u00e9nements hybrides, et piloter le changement dans l\u2019entreprise.<\/p>\n<p style=\"text-align: justify;\"><strong>Modules<\/strong> :<\/p>\n<ul style=\"text-align: justify;\">\n<li>Design thinking &amp; strat\u00e9gie omnicanale<\/li>\n<li>Communication \u00e9v\u00e9nementielle (digital &amp; hybride)<\/li>\n<li>Management &amp; gestion de projet digital<\/li>\n<li>Pilotage d\u2019\u00e9quipe &amp; transformation interne<\/li>\n<li>Communication responsable (interne &amp; externe)<\/li>\n<li>Business English \u2013 Level 4 : Management &amp; leadership en environnement international<\/li>\n<\/ul>\n<p style=\"text-align: justify;\"><strong>Public<\/strong> : Bac+3 valid\u00e9<br \/><strong>Tarif initial<\/strong> : 1\u202f900 \u20ac<br \/>Alternance : <strong>non disponible (titre non identifi\u00e9)<\/strong><\/p>\n<\/blockquote>\n<p>[\/et_pb_cta][\/et_pb_column][\/et_pb_row][et_pb_row _builder_version=\u00a0\u00bb4.27.4&Prime; _module_preset=\u00a0\u00bbdefault\u00a0\u00bb theme_builder_area=\u00a0\u00bbpost_content\u00a0\u00bb column_structure=\u00a0\u00bb3_5,2_5&Prime;][et_pb_column _builder_version=\u00a0\u00bb4.27.4&Prime; _module_preset=\u00a0\u00bbdefault\u00a0\u00bb type=\u00a0\u00bb3_5&Prime; theme_builder_area=\u00a0\u00bbpost_content\u00a0\u00bb][et_pb_cta title=\u00a0\u00bb\ud83c\udf93 MBA2 \u2013 Gouvernance digitale &#038; gestion de crise\u00a0\u00bb button_text=\u00a0\u00bbClics\u00a0\u00bb disabled_on=\u00a0\u00bbon|on|off\u00a0\u00bb _builder_version=\u00a0\u00bb4.27.4&Prime; _module_preset=\u00a0\u00bbdefault\u00a0\u00bb body_text_color=\u00a0\u00bb#FFFFFF\u00a0\u00bb background_color=\u00a0\u00bb#3b0862&Prime; custom_margin=\u00a0\u00bb|3px||3px|false|true\u00a0\u00bb custom_padding=\u00a0\u00bb18px||1px|40px|false|false\u00a0\u00bb hover_enabled=\u00a0\u00bb0&Prime; global_colors_info=\u00a0\u00bb{}\u00a0\u00bb header_font=\u00a0\u00bbIBM Plex Sans||||||||\u00a0\u00bb sticky_enabled=\u00a0\u00bb0&Prime; theme_builder_area=\u00a0\u00bbpost_content\u00a0\u00bb]<\/p>\n<blockquote>\n<p style=\"text-align: justify;\"><strong>Objectif<\/strong> : Appr\u00e9hender les enjeux strat\u00e9giques, r\u00e9glementaires et s\u00e9curitaires li\u00e9s au digital.<\/p>\n<p style=\"text-align: justify;\"><strong>Modules<\/strong> :<\/p>\n<ul style=\"text-align: justify;\">\n<li>Gouvernance data, conformit\u00e9 RGPD, NIS2, DORA<\/li>\n<li>Cybers\u00e9curit\u00e9 pour responsables marketing<\/li>\n<li>Communication de crise<\/li>\n<li>Strat\u00e9gie de r\u00e9silience num\u00e9rique &amp; plan de continuit\u00e9<\/li>\n<li>Business English \u2013 Level 5 : Communication de crise, n\u00e9gociation &amp; conformit\u00e9 en anglais<\/li>\n<\/ul>\n<p style=\"text-align: justify;\"><strong>Public<\/strong> : Bac+4 valid\u00e9<br \/><strong>Certification vis\u00e9e<\/strong> : Titre RNCP n\u00b040257 \u2013 Manager d\u2019affaires (via IS\u2011DBA)<br \/><strong>Tarifs<\/strong> :<\/p>\n<ul>\n<li style=\"text-align: justify;\">Initial : 2\u202f000 \u20ac<\/li>\n<li style=\"text-align: justify;\">Alternance : <strong>Prise en charge OPCO \u2013 9<\/strong><strong>\u202f000 <\/strong><strong>\u20ac (estim<\/strong><strong>\u00e9)<\/strong><\/li>\n<\/ul>\n<ul><\/ul>\n<\/blockquote>\n<p>[\/et_pb_cta][\/et_pb_column][et_pb_column _builder_version=\u00a0\u00bb4.27.4&Prime; _module_preset=\u00a0\u00bbdefault\u00a0\u00bb type=\u00a0\u00bb2_5&Prime; theme_builder_area=\u00a0\u00bbpost_content\u00a0\u00bb][\/et_pb_column][\/et_pb_row][\/et_pb_section]<\/p>\n","protected":false},"excerpt":{"rendered":"<p>Lorem Le Lorem Ipsum est un morceau de texte utilis\u00e9 par les concepteurs pour remplir l&rsquo;espace o\u00f9 le contenu sera \u00e9ventuellement plac\u00e9. Il permet de montrer \u00e0 quoi ressemblera le texte une fois qu&rsquo;il sera termin\u00e9, au cours de la phase de planification. Le texte de remplissage est largement utilis\u00e9 depuis des si\u00e8cles, de sorte [&hellip;]<\/p>\n","protected":false},"author":1,"featured_media":0,"parent":0,"menu_order":0,"comment_status":"closed","ping_status":"closed","template":"","meta":{"_et_pb_use_builder":"on","_et_pb_old_content":"","_et_gb_content_width":"","footnotes":""},"class_list":["post-108","page","type-page","status-publish","hentry"],"aioseo_notices":[],"_links":{"self":[{"href":"https:\/\/staging-p.digitalisetapme.fr\/index.php\/wp-json\/wp\/v2\/pages\/108","targetHints":{"allow":["GET"]}}],"collection":[{"href":"https:\/\/staging-p.digitalisetapme.fr\/index.php\/wp-json\/wp\/v2\/pages"}],"about":[{"href":"https:\/\/staging-p.digitalisetapme.fr\/index.php\/wp-json\/wp\/v2\/types\/page"}],"author":[{"embeddable":true,"href":"https:\/\/staging-p.digitalisetapme.fr\/index.php\/wp-json\/wp\/v2\/users\/1"}],"replies":[{"embeddable":true,"href":"https:\/\/staging-p.digitalisetapme.fr\/index.php\/wp-json\/wp\/v2\/comments?post=108"}],"version-history":[{"count":30,"href":"https:\/\/staging-p.digitalisetapme.fr\/index.php\/wp-json\/wp\/v2\/pages\/108\/revisions"}],"predecessor-version":[{"id":876,"href":"https:\/\/staging-p.digitalisetapme.fr\/index.php\/wp-json\/wp\/v2\/pages\/108\/revisions\/876"}],"wp:attachment":[{"href":"https:\/\/staging-p.digitalisetapme.fr\/index.php\/wp-json\/wp\/v2\/media?parent=108"}],"curies":[{"name":"wp","href":"https:\/\/api.w.org\/{rel}","templated":true}]}}